{"id":20120,"date":"2022-11-06T11:55:26","date_gmt":"2022-11-06T11:55:26","guid":{"rendered":"https:\/\/www.mizarstvo-kos.si\/?post_type=avada_portfolio&#038;p=20120"},"modified":"2024-07-31T10:25:12","modified_gmt":"2024-07-31T10:25:12","slug":"potujoca-razstava-lesene-in-celostne-zunanje-preobrazbe","status":"publish","type":"avada_portfolio","link":"https:\/\/www.mizarstvo-kos.si\/sl\/projekti\/potujoca-razstava-lesene-in-celostne-zunanje-preobrazbe\/","title":{"rendered":"Potujo\u010da razstava: Lesene in celostne zunanje preobrazbe"},"content":{"rendered":"<p><div class=\"fusion-fullwidth fullwidth-box fusion-builder-row-1 fusion-flex-container has-pattern-background has-mask-background nonhundred-percent-fullwidth non-hundred-percent-height-scrolling\" style=\"--awb-border-radius-top-left:0px;--awb-border-radius-top-right:0px;--awb-border-radius-bottom-right:0px;--awb-border-radius-bottom-left:0px;--awb-padding-top:50px;--awb-flex-wrap:wrap;--awb-flex-wrap-medium:wrap;\" ><div class=\"fusion-builder-row fusion-row fusion-flex-align-items-flex-start fusion-flex-content-wrap\" style=\"max-width:1248px;margin-left: calc(-4% \/ 2 );margin-right: calc(-4% \/ 2 );\"><div class=\"fusion-layout-column fusion_builder_column fusion-builder-column-0 fusion_builder_column_2_5 2_5 fusion-flex-column\" style=\"--awb-bg-size:cover;--awb-width-large:40%;--awb-margin-top-large:70px;--awb-spacing-right-large:4.8%;--awb-margin-bottom-large:50px;--awb-spacing-left-large:4.8%;--awb-width-medium:40%;--awb-order-medium:0;--awb-spacing-right-medium:4.8%;--awb-spacing-left-medium:4.8%;--awb-width-small:100%;--awb-order-small:0;--awb-spacing-right-small:1.92%;--awb-spacing-left-small:1.92%;\" data-motion-effects=\"[{&quot;type&quot;:&quot;&quot;,&quot;scroll_type&quot;:&quot;transition&quot;,&quot;scroll_direction&quot;:&quot;up&quot;,&quot;transition_speed&quot;:&quot;1&quot;,&quot;fade_type&quot;:&quot;in&quot;,&quot;scale_type&quot;:&quot;up&quot;,&quot;initial_scale&quot;:&quot;1&quot;,&quot;max_scale&quot;:&quot;1.5&quot;,&quot;min_scale&quot;:&quot;0.5&quot;,&quot;initial_rotate&quot;:&quot;0&quot;,&quot;end_rotate&quot;:&quot;30&quot;,&quot;initial_blur&quot;:&quot;0&quot;,&quot;end_blur&quot;:&quot;3&quot;,&quot;start_element&quot;:&quot;top&quot;,&quot;start_viewport&quot;:&quot;bottom&quot;,&quot;end_element&quot;:&quot;bottom&quot;,&quot;end_viewport&quot;:&quot;top&quot;,&quot;mouse_effect&quot;:&quot;track&quot;,&quot;mouse_effect_direction&quot;:&quot;opposite&quot;,&quot;mouse_effect_speed&quot;:&quot;2&quot;,&quot;infinite_animation&quot;:&quot;float&quot;,&quot;infinite_animation_speed&quot;:&quot;2&quot;}]\" data-scroll-devices=\"small-visibility,medium-visibility,large-visibility\"><div class=\"fusion-column-wrapper fusion-column-has-shadow fusion-flex-justify-content-flex-start fusion-content-layout-column\"><div class=\"fusion-image-element \" style=\"--awb-caption-title-font-family:var(--h2_typography-font-family);--awb-caption-title-font-weight:var(--h2_typography-font-weight);--awb-caption-title-font-style:var(--h2_typography-font-style);--awb-caption-title-size:var(--h2_typography-font-size);--awb-caption-title-transform:var(--h2_typography-text-transform);--awb-caption-title-line-height:var(--h2_typography-line-height);--awb-caption-title-letter-spacing:var(--h2_typography-letter-spacing);\"><span class=\" fusion-imageframe imageframe-none imageframe-1 hover-type-none\" style=\"border-radius:4px;\"><img decoding=\"async\" width=\"1500\" height=\"1000\" alt=\"Potujo\u010da razstava: Lesene in celostne zunanje preobrazbe\" title=\"Razstava Lesene in celostne preobrazbe v Arboretumu Volc\u030cji Potok\" src=\"https:\/\/www.mizarstvo-kos.si\/wp-content\/uploads\/2023\/11\/4_Arboretum-Volcji-Potok_27.7.webp\" class=\"img-responsive wp-image-20151\" srcset=\"https:\/\/www.mizarstvo-kos.si\/wp-content\/uploads\/2023\/11\/4_Arboretum-Volcji-Potok_27.7-200x133.webp 200w, https:\/\/www.mizarstvo-kos.si\/wp-content\/uploads\/2023\/11\/4_Arboretum-Volcji-Potok_27.7-300x200.webp 300w, https:\/\/www.mizarstvo-kos.si\/wp-content\/uploads\/2023\/11\/4_Arboretum-Volcji-Potok_27.7-400x267.webp 400w, https:\/\/www.mizarstvo-kos.si\/wp-content\/uploads\/2023\/11\/4_Arboretum-Volcji-Potok_27.7-600x400.webp 600w, https:\/\/www.mizarstvo-kos.si\/wp-content\/uploads\/2023\/11\/4_Arboretum-Volcji-Potok_27.7-768x512.webp 768w, https:\/\/www.mizarstvo-kos.si\/wp-content\/uploads\/2023\/11\/4_Arboretum-Volcji-Potok_27.7-800x533.webp 800w, https:\/\/www.mizarstvo-kos.si\/wp-content\/uploads\/2023\/11\/4_Arboretum-Volcji-Potok_27.7-1024x683.webp 1024w, https:\/\/www.mizarstvo-kos.si\/wp-content\/uploads\/2023\/11\/4_Arboretum-Volcji-Potok_27.7-1200x800.webp 1200w, https:\/\/www.mizarstvo-kos.si\/wp-content\/uploads\/2023\/11\/4_Arboretum-Volcji-Potok_27.7.webp 1500w\" sizes=\"(max-width: 640px) 100vw, 600px\" \/><\/span><\/div><\/div><\/div><div class=\"fusion-layout-column fusion_builder_column fusion-builder-column-1 fusion_builder_column_3_5 3_5 fusion-flex-column\" style=\"--awb-bg-blend:overlay;--awb-bg-size:cover;--awb-width-large:60%;--awb-margin-top-large:50px;--awb-spacing-right-large:3.2%;--awb-margin-bottom-large:0px;--awb-spacing-left-large:3.2%;--awb-width-medium:100%;--awb-order-medium:0;--awb-spacing-right-medium:1.92%;--awb-spacing-left-medium:1.92%;--awb-width-small:100%;--awb-order-small:0;--awb-spacing-right-small:1.92%;--awb-spacing-left-small:1.92%;\" data-motion-effects=\"[{&quot;type&quot;:&quot;&quot;,&quot;scroll_type&quot;:&quot;transition&quot;,&quot;scroll_direction&quot;:&quot;up&quot;,&quot;transition_speed&quot;:&quot;1&quot;,&quot;fade_type&quot;:&quot;in&quot;,&quot;scale_type&quot;:&quot;up&quot;,&quot;initial_scale&quot;:&quot;1&quot;,&quot;max_scale&quot;:&quot;1.5&quot;,&quot;min_scale&quot;:&quot;0.5&quot;,&quot;initial_rotate&quot;:&quot;0&quot;,&quot;end_rotate&quot;:&quot;30&quot;,&quot;initial_blur&quot;:&quot;0&quot;,&quot;end_blur&quot;:&quot;3&quot;,&quot;start_element&quot;:&quot;top&quot;,&quot;start_viewport&quot;:&quot;bottom&quot;,&quot;end_element&quot;:&quot;bottom&quot;,&quot;end_viewport&quot;:&quot;top&quot;,&quot;mouse_effect&quot;:&quot;track&quot;,&quot;mouse_effect_direction&quot;:&quot;opposite&quot;,&quot;mouse_effect_speed&quot;:&quot;2&quot;,&quot;infinite_animation&quot;:&quot;float&quot;,&quot;infinite_animation_speed&quot;:&quot;2&quot;}]\" data-scroll-devices=\"small-visibility,medium-visibility,large-visibility\"><div class=\"fusion-column-wrapper fusion-column-has-shadow fusion-flex-justify-content-flex-start fusion-content-layout-column\"><div class=\"fusion-title title fusion-title-1 fusion-sep-none fusion-title-text fusion-title-size-one\" style=\"--awb-margin-bottom:50px;--awb-margin-bottom-small:25px;--awb-font-size:3rem;\"><h1 class=\"fusion-title-heading title-heading-left\" style=\"margin:0;font-size:1em;\"><strong>Potujo\u010da razstava: Lesene in celostne zunanje preobrazbe<\/strong><\/h1><\/div><div class=\"fusion-text fusion-text-1 fusion-text-no-margin\" style=\"--awb-margin-bottom:40px;\"><p><strong>Zasnova razstave: <\/strong>Jo\u017ee Kos<\/p>\n<p><strong>Oblikovanje stojal:<\/strong> Jasna Kralj Pavlovec, u.d.i.a.<\/p>\n<p><strong>Fotografije:<\/strong> \u0160pela Pavli\u010d Kos, Jo\u017ee Kos, Ur\u0161a Nina Cigler<\/p>\n<p><strong>Trajanje projekta:<\/strong> oktober 2021 \u2013 oktober 2024<\/p>\n<p><strong>Predstavitev projekta: <\/strong>Ob 30-letnici dru\u017einskega podjetja Mizarstvo Kos \u017eelimo s potujo\u010do fotografsko razstavo prej-pozneje predstaviti pomen <a href=\"https:\/\/www.zunanjaureditev.com\/\">celostnega na\u010drtovanja in izvedb<\/a> v urbanih, pode\u017eeljskih, turisti\u010dnih ali poslovnih obmo\u010djih. Fotografije tiskane na brezov les vizualizirajo izdelke mizarskih mojstrov in predstavljajo zunanje ureditve slovenskih domov in podjetij.<\/p>\n<p>Razstava je do\u017eivetje z materijo lesa, namenjena je vsem ljubiteljem gozda in dreves, saj spodbuja k vgradnji in uporabi lesa ter ostalih naravnih materialov, prijaznih do okolja in ljudi.<\/p>\n<p><strong>Razstavna mesta:<\/strong><\/p>\n<ol>\n<li>Spomladanski kmetijsko obrtni sejem Komenda, 8. &#8211; 10. 4. 2022<\/li>\n<li>Avla Ob\u010dine Litija, 13. &#8211; 20. 5. 2022<\/li>\n<li>Mestni muzej Litija, 23. 5. &#8211; 26.7. 2022<\/li>\n<li>Arboretum Vol\u010dji Potok, 27. 7. &#8211; 27. 8. 2022<\/li>\n<li>Sejem MOS Celje, 14. &#8211; 18. 9. 2022<\/li>\n<li>Sejem DOM Ljubljana, 22. &#8211; 26. 3. 2023<\/li>\n<li>Spomladanski kmetijsko obrtni sejem Komenda, 31. 3. &#8211; 2. 4. 2023<\/li>\n<li>Razstava \u010car lesa, Cankarjev dom Ljubljana, 11. &#8211; 18. 5. 2023<\/li>\n<li>Sejem MOS Celje, 13. \u2013 17. 9. 2023 (Priznanje Zlati ceh)<\/li>\n<li>Sejem Ambient in Dom plus, GR Ljubljana, 8. \u2013 12. 11. 2023<\/li>\n<\/ol>\n<p><span style=\"color: #ffffff;\">Potujo\u010da razstava: Lesene in celostne zunanje preobrazbe<\/span><\/p>\n<\/div><\/div><\/div><\/div><\/div><div class=\"fusion-fullwidth fullwidth-box fusion-builder-row-2 fusion-flex-container has-pattern-background has-mask-background nonhundred-percent-fullwidth non-hundred-percent-height-scrolling\" style=\"--awb-border-radius-top-left:0px;--awb-border-radius-top-right:0px;--awb-border-radius-bottom-right:0px;--awb-border-radius-bottom-left:0px;--awb-margin-top:50px;--awb-flex-wrap:wrap;\" ><div class=\"fusion-builder-row fusion-row fusion-flex-align-items-flex-start fusion-flex-content-wrap\" style=\"max-width:1248px;margin-left: calc(-4% \/ 2 );margin-right: calc(-4% \/ 2 );\"><div class=\"fusion-layout-column fusion_builder_column fusion-builder-column-2 fusion_builder_column_1_1 1_1 fusion-flex-column\" style=\"--awb-bg-blend:overlay;--awb-bg-size:cover;--awb-width-large:100%;--awb-margin-top-large:0px;--awb-spacing-right-large:1.92%;--awb-margin-bottom-large:20px;--awb-spacing-left-large:1.92%;--awb-width-medium:100%;--awb-order-medium:0;--awb-spacing-right-medium:1.92%;--awb-spacing-left-medium:1.92%;--awb-width-small:100%;--awb-order-small:0;--awb-spacing-right-small:1.92%;--awb-spacing-left-small:1.92%;\" data-motion-effects=\"[{&quot;type&quot;:&quot;&quot;,&quot;scroll_type&quot;:&quot;transition&quot;,&quot;scroll_direction&quot;:&quot;up&quot;,&quot;transition_speed&quot;:&quot;1&quot;,&quot;fade_type&quot;:&quot;in&quot;,&quot;scale_type&quot;:&quot;up&quot;,&quot;initial_scale&quot;:&quot;1&quot;,&quot;max_scale&quot;:&quot;1.5&quot;,&quot;min_scale&quot;:&quot;0.5&quot;,&quot;initial_rotate&quot;:&quot;0&quot;,&quot;end_rotate&quot;:&quot;30&quot;,&quot;initial_blur&quot;:&quot;0&quot;,&quot;end_blur&quot;:&quot;3&quot;,&quot;start_element&quot;:&quot;top&quot;,&quot;start_viewport&quot;:&quot;bottom&quot;,&quot;end_element&quot;:&quot;bottom&quot;,&quot;end_viewport&quot;:&quot;top&quot;,&quot;mouse_effect&quot;:&quot;track&quot;,&quot;mouse_effect_direction&quot;:&quot;opposite&quot;,&quot;mouse_effect_speed&quot;:&quot;2&quot;,&quot;infinite_animation&quot;:&quot;float&quot;,&quot;infinite_animation_speed&quot;:&quot;2&quot;}]\" data-scroll-devices=\"small-visibility,medium-visibility,large-visibility\"><div class=\"fusion-column-wrapper fusion-column-has-shadow fusion-flex-justify-content-center fusion-content-layout-column\"><div class=\"awb-gallery-wrapper awb-gallery-wrapper-1 button-span-no\" style=\"--more-btn-alignment:center;\"><div style=\"margin:-5px;--awb-bordersize:0px;--awb-border-radius:4px;\" class=\"fusion-gallery fusion-gallery-container fusion-grid-3 fusion-columns-total-17 fusion-gallery-layout-grid fusion-gallery-1\"><div style=\"padding:5px;\" class=\"fusion-grid-column fusion-gallery-column fusion-gallery-column-3 hover-type-zoomin\"><div class=\"fusion-gallery-image\"><a href=\"https:\/\/www.mizarstvo-kos.si\/wp-content\/uploads\/2023\/11\/1_POML1.webp\" rel=\"noreferrer\" data-rel=\"iLightbox[gallery_image_1]\" class=\"fusion-lightbox\" target=\"_self\"><img decoding=\"async\" src=\"https:\/\/www.mizarstvo-kos.si\/wp-content\/uploads\/2023\/11\/1_POML1.webp\" width=\"1500\" height=\"1000\" alt=\"Potujo\u010da razstava: Lesene in celostne zunanje preobrazbe\" title=\"1_POML~1\" aria-label=\"1_POML~1\" class=\"img-responsive wp-image-20121\" srcset=\"https:\/\/www.mizarstvo-kos.si\/wp-content\/uploads\/2023\/11\/1_POML1-200x133.webp 200w, https:\/\/www.mizarstvo-kos.si\/wp-content\/uploads\/2023\/11\/1_POML1-300x200.webp 300w, https:\/\/www.mizarstvo-kos.si\/wp-content\/uploads\/2023\/11\/1_POML1-400x267.webp 400w, https:\/\/www.mizarstvo-kos.si\/wp-content\/uploads\/2023\/11\/1_POML1-600x400.webp 600w, https:\/\/www.mizarstvo-kos.si\/wp-content\/uploads\/2023\/11\/1_POML1-768x512.webp 768w, https:\/\/www.mizarstvo-kos.si\/wp-content\/uploads\/2023\/11\/1_POML1-800x533.webp 800w, https:\/\/www.mizarstvo-kos.si\/wp-content\/uploads\/2023\/11\/1_POML1-1024x683.webp 1024w, https:\/\/www.mizarstvo-kos.si\/wp-content\/uploads\/2023\/11\/1_POML1-1200x800.webp 1200w, https:\/\/www.mizarstvo-kos.si\/wp-content\/uploads\/2023\/11\/1_POML1.webp 1500w\" sizes=\"(min-width: 2200px) 100vw, (min-width: 784px) 397px, (min-width: 712px) 595px, (min-width: 640px) 712px, \" \/><\/a><\/div><\/div><div style=\"padding:5px;\" class=\"fusion-grid-column fusion-gallery-column fusion-gallery-column-3 hover-type-zoomin\"><div class=\"fusion-gallery-image\"><a href=\"https:\/\/www.mizarstvo-kos.si\/wp-content\/uploads\/2023\/11\/1_POML2.webp\" rel=\"noreferrer\" data-rel=\"iLightbox[gallery_image_1]\" class=\"fusion-lightbox\" target=\"_self\"><img decoding=\"async\" src=\"https:\/\/www.mizarstvo-kos.si\/wp-content\/uploads\/2023\/11\/1_POML2.webp\" width=\"1500\" height=\"1000\" alt=\"Potujo\u010da razstava: Lesene in celostne zunanje preobrazbe\" title=\"1_POML~2\" aria-label=\"1_POML~2\" class=\"img-responsive wp-image-20126\" srcset=\"https:\/\/www.mizarstvo-kos.si\/wp-content\/uploads\/2023\/11\/1_POML2-200x133.webp 200w, https:\/\/www.mizarstvo-kos.si\/wp-content\/uploads\/2023\/11\/1_POML2-300x200.webp 300w, https:\/\/www.mizarstvo-kos.si\/wp-content\/uploads\/2023\/11\/1_POML2-400x267.webp 400w, https:\/\/www.mizarstvo-kos.si\/wp-content\/uploads\/2023\/11\/1_POML2-600x400.webp 600w, https:\/\/www.mizarstvo-kos.si\/wp-content\/uploads\/2023\/11\/1_POML2-768x512.webp 768w, https:\/\/www.mizarstvo-kos.si\/wp-content\/uploads\/2023\/11\/1_POML2-800x533.webp 800w, https:\/\/www.mizarstvo-kos.si\/wp-content\/uploads\/2023\/11\/1_POML2-1024x683.webp 1024w, https:\/\/www.mizarstvo-kos.si\/wp-content\/uploads\/2023\/11\/1_POML2-1200x800.webp 1200w, https:\/\/www.mizarstvo-kos.si\/wp-content\/uploads\/2023\/11\/1_POML2.webp 1500w\" sizes=\"(min-width: 2200px) 100vw, (min-width: 784px) 397px, (min-width: 712px) 595px, (min-width: 640px) 712px, \" \/><\/a><\/div><\/div><div style=\"padding:5px;\" class=\"fusion-grid-column fusion-gallery-column fusion-gallery-column-3 hover-type-zoomin\"><div class=\"fusion-gallery-image\"><a href=\"https:\/\/www.mizarstvo-kos.si\/wp-content\/uploads\/2023\/11\/2_Obcina-Litija_13.-20.5.2022_2.webp\" rel=\"noreferrer\" data-rel=\"iLightbox[gallery_image_1]\" class=\"fusion-lightbox\" target=\"_self\"><img decoding=\"async\" src=\"https:\/\/www.mizarstvo-kos.si\/wp-content\/uploads\/2023\/11\/2_Obcina-Litija_13.-20.5.2022_2.webp\" width=\"1500\" height=\"1000\" alt=\"Potujo\u010da razstava: Lesene in celostne zunanje preobrazbe\" title=\"2_Obc\u030cina Litija_13.-20.5.2022_2\" aria-label=\"2_Obc\u030cina Litija_13.-20.5.2022_2\" class=\"img-responsive wp-image-20136\" srcset=\"https:\/\/www.mizarstvo-kos.si\/wp-content\/uploads\/2023\/11\/2_Obcina-Litija_13.-20.5.2022_2-200x133.webp 200w, https:\/\/www.mizarstvo-kos.si\/wp-content\/uploads\/2023\/11\/2_Obcina-Litija_13.-20.5.2022_2-300x200.webp 300w, https:\/\/www.mizarstvo-kos.si\/wp-content\/uploads\/2023\/11\/2_Obcina-Litija_13.-20.5.2022_2-400x267.webp 400w, https:\/\/www.mizarstvo-kos.si\/wp-content\/uploads\/2023\/11\/2_Obcina-Litija_13.-20.5.2022_2-600x400.webp 600w, https:\/\/www.mizarstvo-kos.si\/wp-content\/uploads\/2023\/11\/2_Obcina-Litija_13.-20.5.2022_2-768x512.webp 768w, https:\/\/www.mizarstvo-kos.si\/wp-content\/uploads\/2023\/11\/2_Obcina-Litija_13.-20.5.2022_2-800x533.webp 800w, https:\/\/www.mizarstvo-kos.si\/wp-content\/uploads\/2023\/11\/2_Obcina-Litija_13.-20.5.2022_2-1024x683.webp 1024w, https:\/\/www.mizarstvo-kos.si\/wp-content\/uploads\/2023\/11\/2_Obcina-Litija_13.-20.5.2022_2-1200x800.webp 1200w, https:\/\/www.mizarstvo-kos.si\/wp-content\/uploads\/2023\/11\/2_Obcina-Litija_13.-20.5.2022_2.webp 1500w\" sizes=\"(min-width: 2200px) 100vw, (min-width: 784px) 397px, (min-width: 712px) 595px, (min-width: 640px) 712px, \" \/><\/a><\/div><\/div><div class=\"clearfix\"><\/div><div style=\"padding:5px;\" class=\"fusion-grid-column fusion-gallery-column fusion-gallery-column-3 hover-type-zoomin\"><div class=\"fusion-gallery-image\"><a href=\"https:\/\/www.mizarstvo-kos.si\/wp-content\/uploads\/2023\/11\/2_Obcina-Litija_13.-20.5.2022_1.webp\" rel=\"noreferrer\" data-rel=\"iLightbox[gallery_image_1]\" class=\"fusion-lightbox\" target=\"_self\"><img decoding=\"async\" src=\"https:\/\/www.mizarstvo-kos.si\/wp-content\/uploads\/2023\/11\/2_Obcina-Litija_13.-20.5.2022_1.webp\" width=\"1500\" height=\"1000\" alt=\"Potujo\u010da razstava: Lesene in celostne zunanje preobrazbe\" title=\"2_Obc\u030cina Litija_13.-20.5.2022_1\" aria-label=\"2_Obc\u030cina Litija_13.-20.5.2022_1\" class=\"img-responsive wp-image-20131\" srcset=\"https:\/\/www.mizarstvo-kos.si\/wp-content\/uploads\/2023\/11\/2_Obcina-Litija_13.-20.5.2022_1-200x133.webp 200w, https:\/\/www.mizarstvo-kos.si\/wp-content\/uploads\/2023\/11\/2_Obcina-Litija_13.-20.5.2022_1-300x200.webp 300w, https:\/\/www.mizarstvo-kos.si\/wp-content\/uploads\/2023\/11\/2_Obcina-Litija_13.-20.5.2022_1-400x267.webp 400w, https:\/\/www.mizarstvo-kos.si\/wp-content\/uploads\/2023\/11\/2_Obcina-Litija_13.-20.5.2022_1-600x400.webp 600w, https:\/\/www.mizarstvo-kos.si\/wp-content\/uploads\/2023\/11\/2_Obcina-Litija_13.-20.5.2022_1-768x512.webp 768w, https:\/\/www.mizarstvo-kos.si\/wp-content\/uploads\/2023\/11\/2_Obcina-Litija_13.-20.5.2022_1-800x533.webp 800w, https:\/\/www.mizarstvo-kos.si\/wp-content\/uploads\/2023\/11\/2_Obcina-Litija_13.-20.5.2022_1-1024x683.webp 1024w, https:\/\/www.mizarstvo-kos.si\/wp-content\/uploads\/2023\/11\/2_Obcina-Litija_13.-20.5.2022_1-1200x800.webp 1200w, https:\/\/www.mizarstvo-kos.si\/wp-content\/uploads\/2023\/11\/2_Obcina-Litija_13.-20.5.2022_1.webp 1500w\" sizes=\"(min-width: 2200px) 100vw, (min-width: 784px) 397px, (min-width: 712px) 595px, (min-width: 640px) 712px, \" \/><\/a><\/div><\/div><div style=\"padding:5px;\" class=\"fusion-grid-column fusion-gallery-column fusion-gallery-column-3 hover-type-zoomin\"><div class=\"fusion-gallery-image\"><a href=\"https:\/\/www.mizarstvo-kos.si\/wp-content\/uploads\/2023\/11\/3_MEST1.webp\" rel=\"noreferrer\" data-rel=\"iLightbox[gallery_image_1]\" class=\"fusion-lightbox\" target=\"_self\"><img decoding=\"async\" src=\"https:\/\/www.mizarstvo-kos.si\/wp-content\/uploads\/2023\/11\/3_MEST1.webp\" width=\"1500\" height=\"1000\" alt=\"Potujo\u010da razstava: Lesene in celostne zunanje preobrazbe\" title=\"3_MEST~1\" aria-label=\"3_MEST~1\" class=\"img-responsive wp-image-20141\" srcset=\"https:\/\/www.mizarstvo-kos.si\/wp-content\/uploads\/2023\/11\/3_MEST1-200x133.webp 200w, https:\/\/www.mizarstvo-kos.si\/wp-content\/uploads\/2023\/11\/3_MEST1-300x200.webp 300w, https:\/\/www.mizarstvo-kos.si\/wp-content\/uploads\/2023\/11\/3_MEST1-400x267.webp 400w, https:\/\/www.mizarstvo-kos.si\/wp-content\/uploads\/2023\/11\/3_MEST1-600x400.webp 600w, https:\/\/www.mizarstvo-kos.si\/wp-content\/uploads\/2023\/11\/3_MEST1-768x512.webp 768w, https:\/\/www.mizarstvo-kos.si\/wp-content\/uploads\/2023\/11\/3_MEST1-800x533.webp 800w, https:\/\/www.mizarstvo-kos.si\/wp-content\/uploads\/2023\/11\/3_MEST1-1024x683.webp 1024w, https:\/\/www.mizarstvo-kos.si\/wp-content\/uploads\/2023\/11\/3_MEST1-1200x800.webp 1200w, https:\/\/www.mizarstvo-kos.si\/wp-content\/uploads\/2023\/11\/3_MEST1.webp 1500w\" sizes=\"(min-width: 2200px) 100vw, (min-width: 784px) 397px, (min-width: 712px) 595px, (min-width: 640px) 712px, \" \/><\/a><\/div><\/div><div style=\"padding:5px;\" class=\"fusion-grid-column fusion-gallery-column fusion-gallery-column-3 hover-type-zoomin\"><div class=\"fusion-gallery-image\"><a href=\"https:\/\/www.mizarstvo-kos.si\/wp-content\/uploads\/2023\/11\/3_MEST2.webp\" rel=\"noreferrer\" data-rel=\"iLightbox[gallery_image_1]\" class=\"fusion-lightbox\" target=\"_self\"><img decoding=\"async\" src=\"https:\/\/www.mizarstvo-kos.si\/wp-content\/uploads\/2023\/11\/3_MEST2.webp\" width=\"1500\" height=\"1000\" alt=\"Potujo\u010da razstava: Lesene in celostne zunanje preobrazbe\" title=\"3_MEST~2\" aria-label=\"3_MEST~2\" class=\"img-responsive wp-image-20146\" srcset=\"https:\/\/www.mizarstvo-kos.si\/wp-content\/uploads\/2023\/11\/3_MEST2-200x133.webp 200w, https:\/\/www.mizarstvo-kos.si\/wp-content\/uploads\/2023\/11\/3_MEST2-300x200.webp 300w, https:\/\/www.mizarstvo-kos.si\/wp-content\/uploads\/2023\/11\/3_MEST2-400x267.webp 400w, https:\/\/www.mizarstvo-kos.si\/wp-content\/uploads\/2023\/11\/3_MEST2-600x400.webp 600w, https:\/\/www.mizarstvo-kos.si\/wp-content\/uploads\/2023\/11\/3_MEST2-768x512.webp 768w, https:\/\/www.mizarstvo-kos.si\/wp-content\/uploads\/2023\/11\/3_MEST2-800x533.webp 800w, https:\/\/www.mizarstvo-kos.si\/wp-content\/uploads\/2023\/11\/3_MEST2-1024x683.webp 1024w, https:\/\/www.mizarstvo-kos.si\/wp-content\/uploads\/2023\/11\/3_MEST2-1200x800.webp 1200w, https:\/\/www.mizarstvo-kos.si\/wp-content\/uploads\/2023\/11\/3_MEST2.webp 1500w\" sizes=\"(min-width: 2200px) 100vw, (min-width: 784px) 397px, (min-width: 712px) 595px, (min-width: 640px) 712px, \" \/><\/a><\/div><\/div><div class=\"clearfix\"><\/div><div style=\"padding:5px;\" class=\"fusion-grid-column fusion-gallery-column fusion-gallery-column-3 hover-type-zoomin\"><div class=\"fusion-gallery-image\"><a href=\"https:\/\/www.mizarstvo-kos.si\/wp-content\/uploads\/2023\/11\/4_Arboretum-Volcji-Potok_27.webp\" rel=\"noreferrer\" data-rel=\"iLightbox[gallery_image_1]\" class=\"fusion-lightbox\" target=\"_self\"><img decoding=\"async\" src=\"https:\/\/www.mizarstvo-kos.si\/wp-content\/uploads\/2023\/11\/4_Arboretum-Volcji-Potok_27.webp\" width=\"1500\" height=\"1000\" alt=\"Potujo\u010da razstava: Lesene in celostne zunanje preobrazbe\" title=\"4_Arboretum Volc\u030cji Potok_27\" aria-label=\"4_Arboretum Volc\u030cji Potok_27\" class=\"img-responsive wp-image-20156\" srcset=\"https:\/\/www.mizarstvo-kos.si\/wp-content\/uploads\/2023\/11\/4_Arboretum-Volcji-Potok_27-200x133.webp 200w, https:\/\/www.mizarstvo-kos.si\/wp-content\/uploads\/2023\/11\/4_Arboretum-Volcji-Potok_27-300x200.webp 300w, https:\/\/www.mizarstvo-kos.si\/wp-content\/uploads\/2023\/11\/4_Arboretum-Volcji-Potok_27-400x267.webp 400w, https:\/\/www.mizarstvo-kos.si\/wp-content\/uploads\/2023\/11\/4_Arboretum-Volcji-Potok_27-600x400.webp 600w, https:\/\/www.mizarstvo-kos.si\/wp-content\/uploads\/2023\/11\/4_Arboretum-Volcji-Potok_27-768x512.webp 768w, https:\/\/www.mizarstvo-kos.si\/wp-content\/uploads\/2023\/11\/4_Arboretum-Volcji-Potok_27-800x533.webp 800w, https:\/\/www.mizarstvo-kos.si\/wp-content\/uploads\/2023\/11\/4_Arboretum-Volcji-Potok_27-1024x683.webp 1024w, https:\/\/www.mizarstvo-kos.si\/wp-content\/uploads\/2023\/11\/4_Arboretum-Volcji-Potok_27-1200x800.webp 1200w, https:\/\/www.mizarstvo-kos.si\/wp-content\/uploads\/2023\/11\/4_Arboretum-Volcji-Potok_27.webp 1500w\" sizes=\"(min-width: 2200px) 100vw, (min-width: 784px) 397px, (min-width: 712px) 595px, (min-width: 640px) 712px, \" \/><\/a><\/div><\/div><div style=\"padding:5px;\" class=\"fusion-grid-column fusion-gallery-column fusion-gallery-column-3 hover-type-zoomin\"><div class=\"fusion-gallery-image\"><a href=\"https:\/\/www.mizarstvo-kos.si\/wp-content\/uploads\/2023\/11\/4_Arboretum-Volcji-Potok_27.7.webp\" rel=\"noreferrer\" data-rel=\"iLightbox[gallery_image_1]\" class=\"fusion-lightbox\" target=\"_self\"><img decoding=\"async\" src=\"https:\/\/www.mizarstvo-kos.si\/wp-content\/uploads\/2023\/11\/4_Arboretum-Volcji-Potok_27.7.webp\" width=\"1500\" height=\"1000\" alt=\"Potujo\u010da razstava: Lesene in celostne zunanje preobrazbe\" title=\"Razstava Lesene in celostne preobrazbe v Arboretumu Volc\u030cji Potok\" aria-label=\"Razstava Lesene in celostne preobrazbe v Arboretumu Volc\u030cji Potok\" class=\"img-responsive wp-image-20151\" srcset=\"https:\/\/www.mizarstvo-kos.si\/wp-content\/uploads\/2023\/11\/4_Arboretum-Volcji-Potok_27.7-200x133.webp 200w, https:\/\/www.mizarstvo-kos.si\/wp-content\/uploads\/2023\/11\/4_Arboretum-Volcji-Potok_27.7-300x200.webp 300w, https:\/\/www.mizarstvo-kos.si\/wp-content\/uploads\/2023\/11\/4_Arboretum-Volcji-Potok_27.7-400x267.webp 400w, https:\/\/www.mizarstvo-kos.si\/wp-content\/uploads\/2023\/11\/4_Arboretum-Volcji-Potok_27.7-600x400.webp 600w, https:\/\/www.mizarstvo-kos.si\/wp-content\/uploads\/2023\/11\/4_Arboretum-Volcji-Potok_27.7-768x512.webp 768w, https:\/\/www.mizarstvo-kos.si\/wp-content\/uploads\/2023\/11\/4_Arboretum-Volcji-Potok_27.7-800x533.webp 800w, https:\/\/www.mizarstvo-kos.si\/wp-content\/uploads\/2023\/11\/4_Arboretum-Volcji-Potok_27.7-1024x683.webp 1024w, https:\/\/www.mizarstvo-kos.si\/wp-content\/uploads\/2023\/11\/4_Arboretum-Volcji-Potok_27.7-1200x800.webp 1200w, https:\/\/www.mizarstvo-kos.si\/wp-content\/uploads\/2023\/11\/4_Arboretum-Volcji-Potok_27.7.webp 1500w\" sizes=\"(min-width: 2200px) 100vw, (min-width: 784px) 397px, (min-width: 712px) 595px, (min-width: 640px) 712px, \" \/><\/a><\/div><\/div><div style=\"padding:5px;\" class=\"fusion-grid-column fusion-gallery-column fusion-gallery-column-3 hover-type-zoomin\"><div class=\"fusion-gallery-image\"><a href=\"https:\/\/www.mizarstvo-kos.si\/wp-content\/uploads\/2023\/11\/5_Sejem-MOS-Celje_14.-18.09.2022_2.webp\" rel=\"noreferrer\" data-rel=\"iLightbox[gallery_image_1]\" class=\"fusion-lightbox\" target=\"_self\"><img decoding=\"async\" src=\"https:\/\/www.mizarstvo-kos.si\/wp-content\/uploads\/2023\/11\/5_Sejem-MOS-Celje_14.-18.09.2022_2.webp\" width=\"1500\" height=\"1000\" alt=\"\" title=\"5_Sejem MOS Celje_14.-18.09.2022_2\" aria-label=\"5_Sejem MOS Celje_14.-18.09.2022_2\" class=\"img-responsive wp-image-20166\" srcset=\"https:\/\/www.mizarstvo-kos.si\/wp-content\/uploads\/2023\/11\/5_Sejem-MOS-Celje_14.-18.09.2022_2-200x133.webp 200w, https:\/\/www.mizarstvo-kos.si\/wp-content\/uploads\/2023\/11\/5_Sejem-MOS-Celje_14.-18.09.2022_2-300x200.webp 300w, https:\/\/www.mizarstvo-kos.si\/wp-content\/uploads\/2023\/11\/5_Sejem-MOS-Celje_14.-18.09.2022_2-400x267.webp 400w, https:\/\/www.mizarstvo-kos.si\/wp-content\/uploads\/2023\/11\/5_Sejem-MOS-Celje_14.-18.09.2022_2-600x400.webp 600w, https:\/\/www.mizarstvo-kos.si\/wp-content\/uploads\/2023\/11\/5_Sejem-MOS-Celje_14.-18.09.2022_2-768x512.webp 768w, https:\/\/www.mizarstvo-kos.si\/wp-content\/uploads\/2023\/11\/5_Sejem-MOS-Celje_14.-18.09.2022_2-800x533.webp 800w, https:\/\/www.mizarstvo-kos.si\/wp-content\/uploads\/2023\/11\/5_Sejem-MOS-Celje_14.-18.09.2022_2-1024x683.webp 1024w, https:\/\/www.mizarstvo-kos.si\/wp-content\/uploads\/2023\/11\/5_Sejem-MOS-Celje_14.-18.09.2022_2-1200x800.webp 1200w, https:\/\/www.mizarstvo-kos.si\/wp-content\/uploads\/2023\/11\/5_Sejem-MOS-Celje_14.-18.09.2022_2.webp 1500w\" sizes=\"(min-width: 2200px) 100vw, (min-width: 784px) 397px, (min-width: 712px) 595px, (min-width: 640px) 712px, \" \/><\/a><\/div><\/div><div class=\"clearfix\"><\/div><div style=\"padding:5px;\" class=\"fusion-grid-column fusion-gallery-column fusion-gallery-column-3 hover-type-zoomin\"><div class=\"fusion-gallery-image\"><a href=\"https:\/\/www.mizarstvo-kos.si\/wp-content\/uploads\/2023\/11\/5_Sejem-MOS-Celje_14.-18.09.2022_1.webp\" rel=\"noreferrer\" data-rel=\"iLightbox[gallery_image_1]\" class=\"fusion-lightbox\" target=\"_self\"><img decoding=\"async\" src=\"https:\/\/www.mizarstvo-kos.si\/wp-content\/uploads\/2023\/11\/5_Sejem-MOS-Celje_14.-18.09.2022_1.webp\" width=\"1500\" height=\"1000\" alt=\"\" title=\"5_Sejem MOS Celje_14.-18.09.2022_1\" aria-label=\"5_Sejem MOS Celje_14.-18.09.2022_1\" class=\"img-responsive wp-image-20161\" srcset=\"https:\/\/www.mizarstvo-kos.si\/wp-content\/uploads\/2023\/11\/5_Sejem-MOS-Celje_14.-18.09.2022_1-200x133.webp 200w, https:\/\/www.mizarstvo-kos.si\/wp-content\/uploads\/2023\/11\/5_Sejem-MOS-Celje_14.-18.09.2022_1-300x200.webp 300w, https:\/\/www.mizarstvo-kos.si\/wp-content\/uploads\/2023\/11\/5_Sejem-MOS-Celje_14.-18.09.2022_1-400x267.webp 400w, https:\/\/www.mizarstvo-kos.si\/wp-content\/uploads\/2023\/11\/5_Sejem-MOS-Celje_14.-18.09.2022_1-600x400.webp 600w, https:\/\/www.mizarstvo-kos.si\/wp-content\/uploads\/2023\/11\/5_Sejem-MOS-Celje_14.-18.09.2022_1-768x512.webp 768w, https:\/\/www.mizarstvo-kos.si\/wp-content\/uploads\/2023\/11\/5_Sejem-MOS-Celje_14.-18.09.2022_1-800x533.webp 800w, https:\/\/www.mizarstvo-kos.si\/wp-content\/uploads\/2023\/11\/5_Sejem-MOS-Celje_14.-18.09.2022_1-1024x683.webp 1024w, https:\/\/www.mizarstvo-kos.si\/wp-content\/uploads\/2023\/11\/5_Sejem-MOS-Celje_14.-18.09.2022_1-1200x800.webp 1200w, https:\/\/www.mizarstvo-kos.si\/wp-content\/uploads\/2023\/11\/5_Sejem-MOS-Celje_14.-18.09.2022_1.webp 1500w\" sizes=\"(min-width: 2200px) 100vw, (min-width: 784px) 397px, (min-width: 712px) 595px, (min-width: 640px) 712px, \" \/><\/a><\/div><\/div><div style=\"padding:5px;\" class=\"fusion-grid-column fusion-gallery-column fusion-gallery-column-3 hover-type-zoomin\"><div class=\"fusion-gallery-image\"><a href=\"https:\/\/www.mizarstvo-kos.si\/wp-content\/uploads\/2023\/11\/6_Sejem-DOM-Ljubjana_22.-26.03.2023.webp\" rel=\"noreferrer\" data-rel=\"iLightbox[gallery_image_1]\" class=\"fusion-lightbox\" target=\"_self\"><img decoding=\"async\" src=\"https:\/\/www.mizarstvo-kos.si\/wp-content\/uploads\/2023\/11\/6_Sejem-DOM-Ljubjana_22.-26.03.2023.webp\" width=\"1500\" height=\"1000\" alt=\"\" title=\"6_Sejem DOM Ljubjana_22.-26.03.2023\" aria-label=\"6_Sejem DOM Ljubjana_22.-26.03.2023\" class=\"img-responsive wp-image-20171\" srcset=\"https:\/\/www.mizarstvo-kos.si\/wp-content\/uploads\/2023\/11\/6_Sejem-DOM-Ljubjana_22.-26.03.2023-200x133.webp 200w, https:\/\/www.mizarstvo-kos.si\/wp-content\/uploads\/2023\/11\/6_Sejem-DOM-Ljubjana_22.-26.03.2023-300x200.webp 300w, https:\/\/www.mizarstvo-kos.si\/wp-content\/uploads\/2023\/11\/6_Sejem-DOM-Ljubjana_22.-26.03.2023-400x267.webp 400w, https:\/\/www.mizarstvo-kos.si\/wp-content\/uploads\/2023\/11\/6_Sejem-DOM-Ljubjana_22.-26.03.2023-600x400.webp 600w, https:\/\/www.mizarstvo-kos.si\/wp-content\/uploads\/2023\/11\/6_Sejem-DOM-Ljubjana_22.-26.03.2023-768x512.webp 768w, https:\/\/www.mizarstvo-kos.si\/wp-content\/uploads\/2023\/11\/6_Sejem-DOM-Ljubjana_22.-26.03.2023-800x533.webp 800w, https:\/\/www.mizarstvo-kos.si\/wp-content\/uploads\/2023\/11\/6_Sejem-DOM-Ljubjana_22.-26.03.2023-1024x683.webp 1024w, https:\/\/www.mizarstvo-kos.si\/wp-content\/uploads\/2023\/11\/6_Sejem-DOM-Ljubjana_22.-26.03.2023-1200x800.webp 1200w, https:\/\/www.mizarstvo-kos.si\/wp-content\/uploads\/2023\/11\/6_Sejem-DOM-Ljubjana_22.-26.03.2023.webp 1500w\" sizes=\"(min-width: 2200px) 100vw, (min-width: 784px) 397px, (min-width: 712px) 595px, (min-width: 640px) 712px, \" \/><\/a><\/div><\/div><div style=\"padding:5px;\" class=\"fusion-grid-column fusion-gallery-column fusion-gallery-column-3 hover-type-zoomin\"><div class=\"fusion-gallery-image\"><a href=\"https:\/\/www.mizarstvo-kos.si\/wp-content\/uploads\/2023\/11\/8_Car-lesa_CD-Ljubljana_11.-18.-5._1.webp\" rel=\"noreferrer\" data-rel=\"iLightbox[gallery_image_1]\" class=\"fusion-lightbox\" target=\"_self\"><img decoding=\"async\" src=\"https:\/\/www.mizarstvo-kos.si\/wp-content\/uploads\/2023\/11\/8_Car-lesa_CD-Ljubljana_11.-18.-5._1.webp\" width=\"1772\" height=\"1181\" alt=\"\" title=\"8_C\u030car lesa_CD Ljubljana_11.-18. 5._1\" aria-label=\"8_C\u030car lesa_CD Ljubljana_11.-18. 5._1\" class=\"img-responsive wp-image-20186\" srcset=\"https:\/\/www.mizarstvo-kos.si\/wp-content\/uploads\/2023\/11\/8_Car-lesa_CD-Ljubljana_11.-18.-5._1-200x133.webp 200w, https:\/\/www.mizarstvo-kos.si\/wp-content\/uploads\/2023\/11\/8_Car-lesa_CD-Ljubljana_11.-18.-5._1-300x200.webp 300w, https:\/\/www.mizarstvo-kos.si\/wp-content\/uploads\/2023\/11\/8_Car-lesa_CD-Ljubljana_11.-18.-5._1-400x267.webp 400w, https:\/\/www.mizarstvo-kos.si\/wp-content\/uploads\/2023\/11\/8_Car-lesa_CD-Ljubljana_11.-18.-5._1-600x400.webp 600w, https:\/\/www.mizarstvo-kos.si\/wp-content\/uploads\/2023\/11\/8_Car-lesa_CD-Ljubljana_11.-18.-5._1-768x512.webp 768w, https:\/\/www.mizarstvo-kos.si\/wp-content\/uploads\/2023\/11\/8_Car-lesa_CD-Ljubljana_11.-18.-5._1-800x533.webp 800w, https:\/\/www.mizarstvo-kos.si\/wp-content\/uploads\/2023\/11\/8_Car-lesa_CD-Ljubljana_11.-18.-5._1-1024x682.webp 1024w, https:\/\/www.mizarstvo-kos.si\/wp-content\/uploads\/2023\/11\/8_Car-lesa_CD-Ljubljana_11.-18.-5._1-1200x800.webp 1200w, https:\/\/www.mizarstvo-kos.si\/wp-content\/uploads\/2023\/11\/8_Car-lesa_CD-Ljubljana_11.-18.-5._1-1536x1024.webp 1536w, https:\/\/www.mizarstvo-kos.si\/wp-content\/uploads\/2023\/11\/8_Car-lesa_CD-Ljubljana_11.-18.-5._1.webp 1772w\" sizes=\"(min-width: 2200px) 100vw, (min-width: 784px) 397px, (min-width: 712px) 595px, (min-width: 640px) 712px, \" \/><\/a><\/div><\/div><div class=\"clearfix\"><\/div><div style=\"padding:5px;\" class=\"fusion-grid-column fusion-gallery-column fusion-gallery-column-3 hover-type-zoomin\"><div class=\"fusion-gallery-image\"><a href=\"https:\/\/www.mizarstvo-kos.si\/wp-content\/uploads\/2023\/11\/8_Car-lesa_CD-Ljubljana_11.-18.-5._2.webp\" rel=\"noreferrer\" data-rel=\"iLightbox[gallery_image_1]\" class=\"fusion-lightbox\" target=\"_self\"><img decoding=\"async\" src=\"https:\/\/www.mizarstvo-kos.si\/wp-content\/uploads\/2023\/11\/8_Car-lesa_CD-Ljubljana_11.-18.-5._2.webp\" width=\"1772\" height=\"1181\" alt=\"\" title=\"8_C\u030car lesa_CD Ljubljana_11.-18. 5._2\" aria-label=\"8_C\u030car lesa_CD Ljubljana_11.-18. 5._2\" class=\"img-responsive wp-image-20191\" srcset=\"https:\/\/www.mizarstvo-kos.si\/wp-content\/uploads\/2023\/11\/8_Car-lesa_CD-Ljubljana_11.-18.-5._2-200x133.webp 200w, https:\/\/www.mizarstvo-kos.si\/wp-content\/uploads\/2023\/11\/8_Car-lesa_CD-Ljubljana_11.-18.-5._2-300x200.webp 300w, https:\/\/www.mizarstvo-kos.si\/wp-content\/uploads\/2023\/11\/8_Car-lesa_CD-Ljubljana_11.-18.-5._2-400x267.webp 400w, https:\/\/www.mizarstvo-kos.si\/wp-content\/uploads\/2023\/11\/8_Car-lesa_CD-Ljubljana_11.-18.-5._2-600x400.webp 600w, https:\/\/www.mizarstvo-kos.si\/wp-content\/uploads\/2023\/11\/8_Car-lesa_CD-Ljubljana_11.-18.-5._2-768x512.webp 768w, https:\/\/www.mizarstvo-kos.si\/wp-content\/uploads\/2023\/11\/8_Car-lesa_CD-Ljubljana_11.-18.-5._2-800x533.webp 800w, https:\/\/www.mizarstvo-kos.si\/wp-content\/uploads\/2023\/11\/8_Car-lesa_CD-Ljubljana_11.-18.-5._2-1024x682.webp 1024w, https:\/\/www.mizarstvo-kos.si\/wp-content\/uploads\/2023\/11\/8_Car-lesa_CD-Ljubljana_11.-18.-5._2-1200x800.webp 1200w, https:\/\/www.mizarstvo-kos.si\/wp-content\/uploads\/2023\/11\/8_Car-lesa_CD-Ljubljana_11.-18.-5._2-1536x1024.webp 1536w, https:\/\/www.mizarstvo-kos.si\/wp-content\/uploads\/2023\/11\/8_Car-lesa_CD-Ljubljana_11.-18.-5._2.webp 1772w\" sizes=\"(min-width: 2200px) 100vw, (min-width: 784px) 397px, (min-width: 712px) 595px, (min-width: 640px) 712px, \" \/><\/a><\/div><\/div><div style=\"padding:5px;\" class=\"fusion-grid-column fusion-gallery-column fusion-gallery-column-3 hover-type-zoomin\"><div class=\"fusion-gallery-image\"><a href=\"https:\/\/www.mizarstvo-kos.si\/wp-content\/uploads\/2023\/11\/7_Sejem-Komenda_31.03.-02.04.webp\" rel=\"noreferrer\" data-rel=\"iLightbox[gallery_image_1]\" class=\"fusion-lightbox\" target=\"_self\"><img decoding=\"async\" src=\"https:\/\/www.mizarstvo-kos.si\/wp-content\/uploads\/2023\/11\/7_Sejem-Komenda_31.03.-02.04.webp\" width=\"1500\" height=\"1000\" alt=\"\" title=\"7_Sejem Komenda_31.03.-02.04.\" aria-label=\"7_Sejem Komenda_31.03.-02.04.\" class=\"img-responsive wp-image-20176\" srcset=\"https:\/\/www.mizarstvo-kos.si\/wp-content\/uploads\/2023\/11\/7_Sejem-Komenda_31.03.-02.04-200x133.webp 200w, https:\/\/www.mizarstvo-kos.si\/wp-content\/uploads\/2023\/11\/7_Sejem-Komenda_31.03.-02.04-300x200.webp 300w, https:\/\/www.mizarstvo-kos.si\/wp-content\/uploads\/2023\/11\/7_Sejem-Komenda_31.03.-02.04-400x267.webp 400w, https:\/\/www.mizarstvo-kos.si\/wp-content\/uploads\/2023\/11\/7_Sejem-Komenda_31.03.-02.04-600x400.webp 600w, https:\/\/www.mizarstvo-kos.si\/wp-content\/uploads\/2023\/11\/7_Sejem-Komenda_31.03.-02.04-768x512.webp 768w, https:\/\/www.mizarstvo-kos.si\/wp-content\/uploads\/2023\/11\/7_Sejem-Komenda_31.03.-02.04-800x533.webp 800w, https:\/\/www.mizarstvo-kos.si\/wp-content\/uploads\/2023\/11\/7_Sejem-Komenda_31.03.-02.04-1024x683.webp 1024w, https:\/\/www.mizarstvo-kos.si\/wp-content\/uploads\/2023\/11\/7_Sejem-Komenda_31.03.-02.04-1200x800.webp 1200w, https:\/\/www.mizarstvo-kos.si\/wp-content\/uploads\/2023\/11\/7_Sejem-Komenda_31.03.-02.04.webp 1500w\" sizes=\"(min-width: 2200px) 100vw, (min-width: 784px) 397px, (min-width: 712px) 595px, (min-width: 640px) 712px, \" \/><\/a><\/div><\/div><div style=\"padding:5px;\" class=\"fusion-grid-column fusion-gallery-column fusion-gallery-column-3 hover-type-zoomin\"><div class=\"fusion-gallery-image\"><a href=\"https:\/\/www.mizarstvo-kos.si\/wp-content\/uploads\/2023\/11\/7_Sejem-Komenda_31.03.-02.04.2023_1.webp\" rel=\"noreferrer\" data-rel=\"iLightbox[gallery_image_1]\" class=\"fusion-lightbox\" target=\"_self\"><img decoding=\"async\" src=\"https:\/\/www.mizarstvo-kos.si\/wp-content\/uploads\/2023\/11\/7_Sejem-Komenda_31.03.-02.04.2023_1.webp\" width=\"1500\" height=\"1000\" alt=\"\" title=\"7_Sejem Komenda_31.03.-02.04.2023_1\" aria-label=\"7_Sejem Komenda_31.03.-02.04.2023_1\" class=\"img-responsive wp-image-20181\" srcset=\"https:\/\/www.mizarstvo-kos.si\/wp-content\/uploads\/2023\/11\/7_Sejem-Komenda_31.03.-02.04.2023_1-200x133.webp 200w, https:\/\/www.mizarstvo-kos.si\/wp-content\/uploads\/2023\/11\/7_Sejem-Komenda_31.03.-02.04.2023_1-300x200.webp 300w, https:\/\/www.mizarstvo-kos.si\/wp-content\/uploads\/2023\/11\/7_Sejem-Komenda_31.03.-02.04.2023_1-400x267.webp 400w, https:\/\/www.mizarstvo-kos.si\/wp-content\/uploads\/2023\/11\/7_Sejem-Komenda_31.03.-02.04.2023_1-600x400.webp 600w, https:\/\/www.mizarstvo-kos.si\/wp-content\/uploads\/2023\/11\/7_Sejem-Komenda_31.03.-02.04.2023_1-768x512.webp 768w, https:\/\/www.mizarstvo-kos.si\/wp-content\/uploads\/2023\/11\/7_Sejem-Komenda_31.03.-02.04.2023_1-800x533.webp 800w, https:\/\/www.mizarstvo-kos.si\/wp-content\/uploads\/2023\/11\/7_Sejem-Komenda_31.03.-02.04.2023_1-1024x683.webp 1024w, https:\/\/www.mizarstvo-kos.si\/wp-content\/uploads\/2023\/11\/7_Sejem-Komenda_31.03.-02.04.2023_1-1200x800.webp 1200w, https:\/\/www.mizarstvo-kos.si\/wp-content\/uploads\/2023\/11\/7_Sejem-Komenda_31.03.-02.04.2023_1.webp 1500w\" sizes=\"(min-width: 2200px) 100vw, (min-width: 784px) 397px, (min-width: 712px) 595px, (min-width: 640px) 712px, \" \/><\/a><\/div><\/div><div class=\"clearfix\"><\/div><div style=\"padding:5px;\" class=\"fusion-grid-column fusion-gallery-column fusion-gallery-column-3 hover-type-zoomin\"><div class=\"fusion-gallery-image\"><a href=\"https:\/\/www.mizarstvo-kos.si\/wp-content\/uploads\/2023\/11\/9_Sejem-MOS-Celje_13.-17.09.2.webp\" rel=\"noreferrer\" data-rel=\"iLightbox[gallery_image_1]\" class=\"fusion-lightbox\" target=\"_self\"><img decoding=\"async\" src=\"https:\/\/www.mizarstvo-kos.si\/wp-content\/uploads\/2023\/11\/9_Sejem-MOS-Celje_13.-17.09.2.webp\" width=\"1772\" height=\"1181\" alt=\"\" title=\"9_Sejem MOS Celje_13.-17.09.2\" aria-label=\"9_Sejem MOS Celje_13.-17.09.2\" class=\"img-responsive wp-image-20201\" srcset=\"https:\/\/www.mizarstvo-kos.si\/wp-content\/uploads\/2023\/11\/9_Sejem-MOS-Celje_13.-17.09.2-200x133.webp 200w, https:\/\/www.mizarstvo-kos.si\/wp-content\/uploads\/2023\/11\/9_Sejem-MOS-Celje_13.-17.09.2-300x200.webp 300w, https:\/\/www.mizarstvo-kos.si\/wp-content\/uploads\/2023\/11\/9_Sejem-MOS-Celje_13.-17.09.2-400x267.webp 400w, https:\/\/www.mizarstvo-kos.si\/wp-content\/uploads\/2023\/11\/9_Sejem-MOS-Celje_13.-17.09.2-600x400.webp 600w, https:\/\/www.mizarstvo-kos.si\/wp-content\/uploads\/2023\/11\/9_Sejem-MOS-Celje_13.-17.09.2-768x512.webp 768w, https:\/\/www.mizarstvo-kos.si\/wp-content\/uploads\/2023\/11\/9_Sejem-MOS-Celje_13.-17.09.2-800x533.webp 800w, https:\/\/www.mizarstvo-kos.si\/wp-content\/uploads\/2023\/11\/9_Sejem-MOS-Celje_13.-17.09.2-1024x682.webp 1024w, https:\/\/www.mizarstvo-kos.si\/wp-content\/uploads\/2023\/11\/9_Sejem-MOS-Celje_13.-17.09.2-1200x800.webp 1200w, https:\/\/www.mizarstvo-kos.si\/wp-content\/uploads\/2023\/11\/9_Sejem-MOS-Celje_13.-17.09.2-1536x1024.webp 1536w, https:\/\/www.mizarstvo-kos.si\/wp-content\/uploads\/2023\/11\/9_Sejem-MOS-Celje_13.-17.09.2.webp 1772w\" sizes=\"(min-width: 2200px) 100vw, (min-width: 784px) 397px, (min-width: 712px) 595px, (min-width: 640px) 712px, \" \/><\/a><\/div><\/div><div style=\"padding:5px;\" class=\"fusion-grid-column fusion-gallery-column fusion-gallery-column-3 hover-type-zoomin\"><div class=\"fusion-gallery-image\"><a href=\"https:\/\/www.mizarstvo-kos.si\/wp-content\/uploads\/2023\/11\/9_Sejem-MOS-Celje_13.-17.09.1.webp\" rel=\"noreferrer\" data-rel=\"iLightbox[gallery_image_1]\" class=\"fusion-lightbox\" target=\"_self\"><img decoding=\"async\" src=\"https:\/\/www.mizarstvo-kos.si\/wp-content\/uploads\/2023\/11\/9_Sejem-MOS-Celje_13.-17.09.1.webp\" width=\"1772\" height=\"1181\" alt=\"\" title=\"9_Sejem MOS Celje_13.-17.09.1\" aria-label=\"9_Sejem MOS Celje_13.-17.09.1\" class=\"img-responsive wp-image-20196\" srcset=\"https:\/\/www.mizarstvo-kos.si\/wp-content\/uploads\/2023\/11\/9_Sejem-MOS-Celje_13.-17.09.1-200x133.webp 200w, https:\/\/www.mizarstvo-kos.si\/wp-content\/uploads\/2023\/11\/9_Sejem-MOS-Celje_13.-17.09.1-300x200.webp 300w, https:\/\/www.mizarstvo-kos.si\/wp-content\/uploads\/2023\/11\/9_Sejem-MOS-Celje_13.-17.09.1-400x267.webp 400w, https:\/\/www.mizarstvo-kos.si\/wp-content\/uploads\/2023\/11\/9_Sejem-MOS-Celje_13.-17.09.1-600x400.webp 600w, https:\/\/www.mizarstvo-kos.si\/wp-content\/uploads\/2023\/11\/9_Sejem-MOS-Celje_13.-17.09.1-768x512.webp 768w, https:\/\/www.mizarstvo-kos.si\/wp-content\/uploads\/2023\/11\/9_Sejem-MOS-Celje_13.-17.09.1-800x533.webp 800w, https:\/\/www.mizarstvo-kos.si\/wp-content\/uploads\/2023\/11\/9_Sejem-MOS-Celje_13.-17.09.1-1024x682.webp 1024w, https:\/\/www.mizarstvo-kos.si\/wp-content\/uploads\/2023\/11\/9_Sejem-MOS-Celje_13.-17.09.1-1200x800.webp 1200w, https:\/\/www.mizarstvo-kos.si\/wp-content\/uploads\/2023\/11\/9_Sejem-MOS-Celje_13.-17.09.1-1536x1024.webp 1536w, https:\/\/www.mizarstvo-kos.si\/wp-content\/uploads\/2023\/11\/9_Sejem-MOS-Celje_13.-17.09.1.webp 1772w\" sizes=\"(min-width: 2200px) 100vw, (min-width: 784px) 397px, (min-width: 712px) 595px, (min-width: 640px) 712px, \" \/><\/a><\/div><\/div><\/div><\/div><\/div><\/div><\/div><\/div><div class=\"fusion-fullwidth fullwidth-box fusion-builder-row-3 fusion-flex-container has-pattern-background has-mask-background nonhundred-percent-fullwidth non-hundred-percent-height-scrolling\" style=\"--awb-border-radius-top-left:0px;--awb-border-radius-top-right:0px;--awb-border-radius-bottom-right:0px;--awb-border-radius-bottom-left:0px;--awb-padding-top:0px;--awb-padding-right:0px;--awb-padding-bottom:0px;--awb-padding-left:0px;--awb-padding-top-small:0px;--awb-padding-bottom-small:50px;--awb-margin-top:50px;--awb-margin-bottom:0px;--awb-flex-wrap:wrap;\" ><div class=\"fusion-builder-row fusion-row fusion-flex-align-items-flex-start fusion-flex-content-wrap\" style=\"max-width:1248px;margin-left: calc(-4% \/ 2 );margin-right: calc(-4% \/ 2 );\"><div class=\"fusion-layout-column fusion_builder_column fusion-builder-column-3 fusion_builder_column_1_1 1_1 fusion-flex-column\" style=\"--awb-bg-size:cover;--awb-width-large:100%;--awb-margin-top-large:25px;--awb-spacing-right-large:0px;--awb-margin-bottom-large:0px;--awb-spacing-left-large:0px;--awb-width-medium:100%;--awb-order-medium:0;--awb-spacing-right-medium:0px;--awb-spacing-left-medium:0px;--awb-width-small:100%;--awb-order-small:0;--awb-spacing-right-small:1.92%;--awb-spacing-left-small:1.92%;\" data-motion-effects=\"[{&quot;type&quot;:&quot;&quot;,&quot;scroll_type&quot;:&quot;transition&quot;,&quot;scroll_direction&quot;:&quot;up&quot;,&quot;transition_speed&quot;:&quot;1&quot;,&quot;fade_type&quot;:&quot;in&quot;,&quot;scale_type&quot;:&quot;up&quot;,&quot;initial_scale&quot;:&quot;1&quot;,&quot;max_scale&quot;:&quot;1.5&quot;,&quot;min_scale&quot;:&quot;0.5&quot;,&quot;initial_rotate&quot;:&quot;0&quot;,&quot;end_rotate&quot;:&quot;30&quot;,&quot;initial_blur&quot;:&quot;0&quot;,&quot;end_blur&quot;:&quot;3&quot;,&quot;start_element&quot;:&quot;top&quot;,&quot;start_viewport&quot;:&quot;bottom&quot;,&quot;end_element&quot;:&quot;bottom&quot;,&quot;end_viewport&quot;:&quot;top&quot;,&quot;mouse_effect&quot;:&quot;track&quot;,&quot;mouse_effect_direction&quot;:&quot;opposite&quot;,&quot;mouse_effect_speed&quot;:&quot;2&quot;,&quot;infinite_animation&quot;:&quot;float&quot;,&quot;infinite_animation_speed&quot;:&quot;2&quot;}]\" data-scroll-devices=\"small-visibility,medium-visibility,large-visibility\"><div class=\"fusion-column-wrapper fusion-column-has-shadow fusion-flex-justify-content-flex-start fusion-content-layout-column\"><div style=\"text-align:center;\"><a class=\"fusion-button button-flat button-large button-custom fusion-button-default button-1 fusion-button-default-span fusion-button-default-type\" style=\"--button_accent_color:var(--awb-color7);--button_border_color:var(--awb-color7);--button_accent_hover_color:var(--awb-color8);--button_border_hover_color:var(--awb-color8);--button_border_width-top:1px;--button_border_width-right:1px;--button_border_width-bottom:1px;--button_border_width-left:1px;--button_gradient_top_color:rgba(255,255,255,0);--button_gradient_bottom_color:rgba(255,255,255,0);--button_gradient_top_color_hover:rgba(255,255,255,0);--button_gradient_bottom_color_hover:rgba(255,255,255,0);\" target=\"_self\" href=\"https:\/\/www.mizarstvo-kos.si\/sl\/ljudje\/#razvojni-projekti\"><span class=\"fusion-button-text\">NAZAJ &gt; RAZVOJNI PROJEKTI<\/span><\/a><\/div><\/div><\/div><\/div><\/div><\/p>\n","protected":false},"excerpt":{"rendered":"","protected":false},"author":1,"featured_media":20151,"menu_order":5,"comment_status":"open","ping_status":"closed","template":"","format":"standard","meta":{"footnotes":""},"portfolio_category":[103],"portfolio_skills":[],"portfolio_tags":[],"class_list":["post-20120","avada_portfolio","type-avada_portfolio","status-publish","format-standard","has-post-thumbnail","hentry","portfolio_category-razvojni-projekti"],"yoast_head":"<!-- This site is optimized with the Yoast SEO plugin v22.2 - https:\/\/yoast.com\/wordpress\/plugins\/seo\/ -->\n<title>Potujo\u010da razstava: Lesene in celostne zunanje preobrazbe - Mizarstvo Kos d.o.o.<\/title>\n<meta name=\"description\" content=\"Potujo\u010da razstava: Lesene in celostne zunanje preobrazbe. Ob 30-letnici dru\u017einskega podjetja Mizarstvo Kos \u017eelimo s potujo\u010do fotografsko.\" \/>\n<meta name=\"robots\" content=\"index, follow, max-snippet:-1, max-image-preview:large, max-video-preview:-1\" \/>\n<link rel=\"canonical\" href=\"https:\/\/www.mizarstvo-kos.si\/sl\/projekti\/potujoca-razstava-lesene-in-celostne-zunanje-preobrazbe\/\" \/>\n<meta property=\"og:locale\" content=\"sl_SI\" \/>\n<meta property=\"og:type\" content=\"article\" \/>\n<meta property=\"og:title\" content=\"Potujo\u010da razstava: Lesene in celostne zunanje preobrazbe - Mizarstvo Kos d.o.o.\" \/>\n<meta property=\"og:description\" content=\"Potujo\u010da razstava: Lesene in celostne zunanje preobrazbe. Ob 30-letnici dru\u017einskega podjetja Mizarstvo Kos \u017eelimo s potujo\u010do fotografsko.\" \/>\n<meta property=\"og:url\" content=\"https:\/\/www.mizarstvo-kos.si\/sl\/projekti\/potujoca-razstava-lesene-in-celostne-zunanje-preobrazbe\/\" \/>\n<meta property=\"og:site_name\" content=\"Mizarstvo Kos d.o.o.\" \/>\n<meta property=\"article:publisher\" content=\"https:\/\/www.facebook.com\/mizarstvo.kos\" \/>\n<meta property=\"article:modified_time\" content=\"2024-07-31T10:25:12+00:00\" \/>\n<meta property=\"og:image\" content=\"https:\/\/www.mizarstvo-kos.si\/wp-content\/uploads\/2023\/11\/4_Arboretum-Volcji-Potok_27.7.webp\" \/>\n\t<meta property=\"og:image:width\" content=\"1500\" \/>\n\t<meta property=\"og:image:height\" content=\"1000\" \/>\n\t<meta property=\"og:image:type\" content=\"image\/webp\" \/>\n<meta name=\"twitter:card\" content=\"summary_large_image\" \/>\n<meta name=\"twitter:label1\" content=\"Est. reading time\" \/>\n\t<meta name=\"twitter:data1\" content=\"5 minut\" \/>\n<script type=\"application\/ld+json\" class=\"yoast-schema-graph\">{\"@context\":\"https:\/\/schema.org\",\"@graph\":[{\"@type\":\"WebPage\",\"@id\":\"https:\/\/www.mizarstvo-kos.si\/sl\/projekti\/potujoca-razstava-lesene-in-celostne-zunanje-preobrazbe\/\",\"url\":\"https:\/\/www.mizarstvo-kos.si\/sl\/projekti\/potujoca-razstava-lesene-in-celostne-zunanje-preobrazbe\/\",\"name\":\"Potujo\u010da razstava: Lesene in celostne zunanje preobrazbe - Mizarstvo Kos d.o.o.\",\"isPartOf\":{\"@id\":\"https:\/\/www.mizarstvo-kos.si\/sl\/#website\"},\"primaryImageOfPage\":{\"@id\":\"https:\/\/www.mizarstvo-kos.si\/sl\/projekti\/potujoca-razstava-lesene-in-celostne-zunanje-preobrazbe\/#primaryimage\"},\"image\":{\"@id\":\"https:\/\/www.mizarstvo-kos.si\/sl\/projekti\/potujoca-razstava-lesene-in-celostne-zunanje-preobrazbe\/#primaryimage\"},\"thumbnailUrl\":\"https:\/\/www.mizarstvo-kos.si\/wp-content\/uploads\/2023\/11\/4_Arboretum-Volcji-Potok_27.7.webp\",\"datePublished\":\"2022-11-06T11:55:26+00:00\",\"dateModified\":\"2024-07-31T10:25:12+00:00\",\"description\":\"Potujo\u010da razstava: Lesene in celostne zunanje preobrazbe. Ob 30-letnici dru\u017einskega podjetja Mizarstvo Kos \u017eelimo s potujo\u010do fotografsko.\",\"breadcrumb\":{\"@id\":\"https:\/\/www.mizarstvo-kos.si\/sl\/projekti\/potujoca-razstava-lesene-in-celostne-zunanje-preobrazbe\/#breadcrumb\"},\"inLanguage\":\"sl-SI\",\"potentialAction\":[{\"@type\":\"ReadAction\",\"target\":[\"https:\/\/www.mizarstvo-kos.si\/sl\/projekti\/potujoca-razstava-lesene-in-celostne-zunanje-preobrazbe\/\"]}]},{\"@type\":\"ImageObject\",\"inLanguage\":\"sl-SI\",\"@id\":\"https:\/\/www.mizarstvo-kos.si\/sl\/projekti\/potujoca-razstava-lesene-in-celostne-zunanje-preobrazbe\/#primaryimage\",\"url\":\"https:\/\/www.mizarstvo-kos.si\/wp-content\/uploads\/2023\/11\/4_Arboretum-Volcji-Potok_27.7.webp\",\"contentUrl\":\"https:\/\/www.mizarstvo-kos.si\/wp-content\/uploads\/2023\/11\/4_Arboretum-Volcji-Potok_27.7.webp\",\"width\":1500,\"height\":1000,\"caption\":\"Potujo\u010da razstava: Lesene in celostne zunanje preobrazbe\"},{\"@type\":\"BreadcrumbList\",\"@id\":\"https:\/\/www.mizarstvo-kos.si\/sl\/projekti\/potujoca-razstava-lesene-in-celostne-zunanje-preobrazbe\/#breadcrumb\",\"itemListElement\":[{\"@type\":\"ListItem\",\"position\":1,\"name\":\"Home\",\"item\":\"https:\/\/www.mizarstvo-kos.si\/sl\/\"},{\"@type\":\"ListItem\",\"position\":2,\"name\":\"Portfolio\",\"item\":\"https:\/\/www.mizarstvo-kos.si\/sl\/projekti\/\"},{\"@type\":\"ListItem\",\"position\":3,\"name\":\"Potujo\u010da razstava: Lesene in celostne zunanje preobrazbe\"}]},{\"@type\":\"WebSite\",\"@id\":\"https:\/\/www.mizarstvo-kos.si\/sl\/#website\",\"url\":\"https:\/\/www.mizarstvo-kos.si\/sl\/\",\"name\":\"Mizarstvo Kos d.o.o.\",\"description\":\"Celovita re\u0161itev lesenih izdelkov okoli hi\u0161e in na javnih povr\u0161inah\",\"publisher\":{\"@id\":\"https:\/\/www.mizarstvo-kos.si\/sl\/#organization\"},\"potentialAction\":[{\"@type\":\"SearchAction\",\"target\":{\"@type\":\"EntryPoint\",\"urlTemplate\":\"https:\/\/www.mizarstvo-kos.si\/sl\/?s={search_term_string}\"},\"query-input\":\"required name=search_term_string\"}],\"inLanguage\":\"sl-SI\"},{\"@type\":\"Organization\",\"@id\":\"https:\/\/www.mizarstvo-kos.si\/sl\/#organization\",\"name\":\"Mizarstvo Kos d.o.o.\",\"url\":\"https:\/\/www.mizarstvo-kos.si\/sl\/\",\"logo\":{\"@type\":\"ImageObject\",\"inLanguage\":\"sl-SI\",\"@id\":\"https:\/\/www.mizarstvo-kos.si\/sl\/#\/schema\/logo\/image\/\",\"url\":\"https:\/\/www.mizarstvo-kos.si\/wp-content\/uploads\/2023\/06\/mizarstvo-kos-logo.svg\",\"contentUrl\":\"https:\/\/www.mizarstvo-kos.si\/wp-content\/uploads\/2023\/06\/mizarstvo-kos-logo.svg\",\"width\":559,\"height\":70,\"caption\":\"Mizarstvo Kos d.o.o.\"},\"image\":{\"@id\":\"https:\/\/www.mizarstvo-kos.si\/sl\/#\/schema\/logo\/image\/\"},\"sameAs\":[\"https:\/\/www.facebook.com\/mizarstvo.kos\",\"https:\/\/www.instagram.com\/mizarstvokos\/\",\"https:\/\/www.youtube.com\/@mizarstvo-kos\"]}]}<\/script>\n<!-- \/ Yoast SEO plugin. -->","yoast_head_json":{"title":"Potujo\u010da razstava: Lesene in celostne zunanje preobrazbe - Mizarstvo Kos d.o.o.","description":"Potujo\u010da razstava: Lesene in celostne zunanje preobrazbe. Ob 30-letnici dru\u017einskega podjetja Mizarstvo Kos \u017eelimo s potujo\u010do fotografsko.","robots":{"index":"index","follow":"follow","max-snippet":"max-snippet:-1","max-image-preview":"max-image-preview:large","max-video-preview":"max-video-preview:-1"},"canonical":"https:\/\/www.mizarstvo-kos.si\/sl\/projekti\/potujoca-razstava-lesene-in-celostne-zunanje-preobrazbe\/","og_locale":"sl_SI","og_type":"article","og_title":"Potujo\u010da razstava: Lesene in celostne zunanje preobrazbe - Mizarstvo Kos d.o.o.","og_description":"Potujo\u010da razstava: Lesene in celostne zunanje preobrazbe. Ob 30-letnici dru\u017einskega podjetja Mizarstvo Kos \u017eelimo s potujo\u010do fotografsko.","og_url":"https:\/\/www.mizarstvo-kos.si\/sl\/projekti\/potujoca-razstava-lesene-in-celostne-zunanje-preobrazbe\/","og_site_name":"Mizarstvo Kos d.o.o.","article_publisher":"https:\/\/www.facebook.com\/mizarstvo.kos","article_modified_time":"2024-07-31T10:25:12+00:00","og_image":[{"width":1500,"height":1000,"url":"https:\/\/www.mizarstvo-kos.si\/wp-content\/uploads\/2023\/11\/4_Arboretum-Volcji-Potok_27.7.webp","type":"image\/webp"}],"twitter_card":"summary_large_image","twitter_misc":{"Est. reading time":"5 minut"},"schema":{"@context":"https:\/\/schema.org","@graph":[{"@type":"WebPage","@id":"https:\/\/www.mizarstvo-kos.si\/sl\/projekti\/potujoca-razstava-lesene-in-celostne-zunanje-preobrazbe\/","url":"https:\/\/www.mizarstvo-kos.si\/sl\/projekti\/potujoca-razstava-lesene-in-celostne-zunanje-preobrazbe\/","name":"Potujo\u010da razstava: Lesene in celostne zunanje preobrazbe - Mizarstvo Kos d.o.o.","isPartOf":{"@id":"https:\/\/www.mizarstvo-kos.si\/sl\/#website"},"primaryImageOfPage":{"@id":"https:\/\/www.mizarstvo-kos.si\/sl\/projekti\/potujoca-razstava-lesene-in-celostne-zunanje-preobrazbe\/#primaryimage"},"image":{"@id":"https:\/\/www.mizarstvo-kos.si\/sl\/projekti\/potujoca-razstava-lesene-in-celostne-zunanje-preobrazbe\/#primaryimage"},"thumbnailUrl":"https:\/\/www.mizarstvo-kos.si\/wp-content\/uploads\/2023\/11\/4_Arboretum-Volcji-Potok_27.7.webp","datePublished":"2022-11-06T11:55:26+00:00","dateModified":"2024-07-31T10:25:12+00:00","description":"Potujo\u010da razstava: Lesene in celostne zunanje preobrazbe. Ob 30-letnici dru\u017einskega podjetja Mizarstvo Kos \u017eelimo s potujo\u010do fotografsko.","breadcrumb":{"@id":"https:\/\/www.mizarstvo-kos.si\/sl\/projekti\/potujoca-razstava-lesene-in-celostne-zunanje-preobrazbe\/#breadcrumb"},"inLanguage":"sl-SI","potentialAction":[{"@type":"ReadAction","target":["https:\/\/www.mizarstvo-kos.si\/sl\/projekti\/potujoca-razstava-lesene-in-celostne-zunanje-preobrazbe\/"]}]},{"@type":"ImageObject","inLanguage":"sl-SI","@id":"https:\/\/www.mizarstvo-kos.si\/sl\/projekti\/potujoca-razstava-lesene-in-celostne-zunanje-preobrazbe\/#primaryimage","url":"https:\/\/www.mizarstvo-kos.si\/wp-content\/uploads\/2023\/11\/4_Arboretum-Volcji-Potok_27.7.webp","contentUrl":"https:\/\/www.mizarstvo-kos.si\/wp-content\/uploads\/2023\/11\/4_Arboretum-Volcji-Potok_27.7.webp","width":1500,"height":1000,"caption":"Potujo\u010da razstava: Lesene in celostne zunanje preobrazbe"},{"@type":"BreadcrumbList","@id":"https:\/\/www.mizarstvo-kos.si\/sl\/projekti\/potujoca-razstava-lesene-in-celostne-zunanje-preobrazbe\/#breadcrumb","itemListElement":[{"@type":"ListItem","position":1,"name":"Home","item":"https:\/\/www.mizarstvo-kos.si\/sl\/"},{"@type":"ListItem","position":2,"name":"Portfolio","item":"https:\/\/www.mizarstvo-kos.si\/sl\/projekti\/"},{"@type":"ListItem","position":3,"name":"Potujo\u010da razstava: Lesene in celostne zunanje preobrazbe"}]},{"@type":"WebSite","@id":"https:\/\/www.mizarstvo-kos.si\/sl\/#website","url":"https:\/\/www.mizarstvo-kos.si\/sl\/","name":"Mizarstvo Kos d.o.o.","description":"Celovita re\u0161itev lesenih izdelkov okoli hi\u0161e in na javnih povr\u0161inah","publisher":{"@id":"https:\/\/www.mizarstvo-kos.si\/sl\/#organization"},"potentialAction":[{"@type":"SearchAction","target":{"@type":"EntryPoint","urlTemplate":"https:\/\/www.mizarstvo-kos.si\/sl\/?s={search_term_string}"},"query-input":"required name=search_term_string"}],"inLanguage":"sl-SI"},{"@type":"Organization","@id":"https:\/\/www.mizarstvo-kos.si\/sl\/#organization","name":"Mizarstvo Kos d.o.o.","url":"https:\/\/www.mizarstvo-kos.si\/sl\/","logo":{"@type":"ImageObject","inLanguage":"sl-SI","@id":"https:\/\/www.mizarstvo-kos.si\/sl\/#\/schema\/logo\/image\/","url":"https:\/\/www.mizarstvo-kos.si\/wp-content\/uploads\/2023\/06\/mizarstvo-kos-logo.svg","contentUrl":"https:\/\/www.mizarstvo-kos.si\/wp-content\/uploads\/2023\/06\/mizarstvo-kos-logo.svg","width":559,"height":70,"caption":"Mizarstvo Kos d.o.o."},"image":{"@id":"https:\/\/www.mizarstvo-kos.si\/sl\/#\/schema\/logo\/image\/"},"sameAs":["https:\/\/www.facebook.com\/mizarstvo.kos","https:\/\/www.instagram.com\/mizarstvokos\/","https:\/\/www.youtube.com\/@mizarstvo-kos"]}]}},"_links":{"self":[{"href":"https:\/\/www.mizarstvo-kos.si\/sl\/wp-json\/wp\/v2\/avada_portfolio\/20120","targetHints":{"allow":["GET"]}}],"collection":[{"href":"https:\/\/www.mizarstvo-kos.si\/sl\/wp-json\/wp\/v2\/avada_portfolio"}],"about":[{"href":"https:\/\/www.mizarstvo-kos.si\/sl\/wp-json\/wp\/v2\/types\/avada_portfolio"}],"author":[{"embeddable":true,"href":"https:\/\/www.mizarstvo-kos.si\/sl\/wp-json\/wp\/v2\/users\/1"}],"replies":[{"embeddable":true,"href":"https:\/\/www.mizarstvo-kos.si\/sl\/wp-json\/wp\/v2\/comments?post=20120"}],"version-history":[{"count":0,"href":"https:\/\/www.mizarstvo-kos.si\/sl\/wp-json\/wp\/v2\/avada_portfolio\/20120\/revisions"}],"wp:featuredmedia":[{"embeddable":true,"href":"https:\/\/www.mizarstvo-kos.si\/sl\/wp-json\/wp\/v2\/media\/20151"}],"wp:attachment":[{"href":"https:\/\/www.mizarstvo-kos.si\/sl\/wp-json\/wp\/v2\/media?parent=20120"}],"wp:term":[{"taxonomy":"portfolio_category","embeddable":true,"href":"https:\/\/www.mizarstvo-kos.si\/sl\/wp-json\/wp\/v2\/portfolio_category?post=20120"},{"taxonomy":"portfolio_skills","embeddable":true,"href":"https:\/\/www.mizarstvo-kos.si\/sl\/wp-json\/wp\/v2\/portfolio_skills?post=20120"},{"taxonomy":"portfolio_tags","embeddable":true,"href":"https:\/\/www.mizarstvo-kos.si\/sl\/wp-json\/wp\/v2\/portfolio_tags?post=20120"}],"curies":[{"name":"wp","href":"https:\/\/api.w.org\/{rel}","templated":true}]}}